{"id":226,"date":"2022-09-21T09:35:43","date_gmt":"2022-09-21T09:35:43","guid":{"rendered":"https:\/\/airlife-asso.org\/?page_id=226"},"modified":"2025-12-18T11:25:30","modified_gmt":"2025-12-18T10:25:30","slug":"equipe","status":"publish","type":"page","link":"https:\/\/airlife-asso.org\/en\/equipe","title":{"rendered":"The team"},"content":{"rendered":"<div class=\"wpb-content-wrapper\"><div class=\"vc_wpb_row_inner  vc_custom_1663755530645\"><div class=\"vc_row wpb_row vc_row-fluid row-container\"><div class=\"container\"><div class=\"row\"><div class=\"wpb_column vc_column_container vc_col-sm-6\"><div class=\"vc_column-inner\"><div class=\"wpb_wrapper\"><div class=\"vc_row wpb_row vc_inner vc_row-fluid\"><div class=\"wpb_column vc_column_container vc_col-sm-3\"><div class=\"vc_column-inner\"><div class=\"wpb_wrapper\">\n\t<div  class=\"wpb_single_image wpb_content_element vc_align_left wpb_content_element\">\n\t\t\n\t\t<figure class=\"wpb_wrapper vc_figure\">\n\t\t\t<div class=\"vc_single_image-wrapper   vc_box_border_grey\"><img decoding=\"async\" width=\"180\" height=\"180\" src=\"https:\/\/airlife-asso.org\/wp-content\/uploads\/2022\/09\/01-180x180.png\" class=\"vc_single_image-img attachment-thumbnail\" alt=\"\" title=\"01\" \/><\/div>\n\t\t<\/figure>\n\t<\/div>\n<\/div><\/div><\/div><div class=\"wpb_column vc_column_container vc_col-sm-9\"><div class=\"vc_column-inner\"><div class=\"wpb_wrapper\">\n\t<div class=\"wpb_text_column wpb_content_element\" >\n\t\t<div class=\"wpb_wrapper\">\n\t\t\t<p><strong>Lionel PILLET<\/strong> - <strong><span style=\"color: #000000;\">Chairman<\/span><\/strong> - <span style=\"color: #3366ff;\"><a style=\"color: #3366ff;\" href=\"mailto:lionel@airlife-asso.org\">lionel@airlife-asso.org<\/a><\/span><\/p>\n<p><span style=\"color: #000000;\">Lionel is a jack-of-all-trades who is interested in all kinds of subjects. He has been following Airlife since its inception and wanted to get more involved in the association's life, taking on the role of President.<\/span><\/p>\n\n\t\t<\/div>\n\t<\/div>\n<\/div><\/div><\/div><\/div><\/div><\/div><\/div><div class=\"wpb_column vc_column_container vc_col-sm-6\"><div class=\"vc_column-inner\"><div class=\"wpb_wrapper\"><div class=\"vc_row wpb_row vc_inner vc_row-fluid\"><div class=\"wpb_column vc_column_container vc_col-sm-3\"><div class=\"vc_column-inner\"><div class=\"wpb_wrapper\">\n\t<div  class=\"wpb_single_image wpb_content_element vc_align_left wpb_content_element\">\n\t\t\n\t\t<figure class=\"wpb_wrapper vc_figure\">\n\t\t\t<div class=\"vc_single_image-wrapper   vc_box_border_grey\"><img decoding=\"async\" width=\"180\" height=\"180\" src=\"https:\/\/airlife-asso.org\/wp-content\/uploads\/2022\/09\/2-180x180.png\" class=\"vc_single_image-img attachment-thumbnail\" alt=\"\" title=\"2\" \/><\/div>\n\t\t<\/figure>\n\t<\/div>\n<\/div><\/div><\/div><div class=\"wpb_column vc_column_container vc_col-sm-9\"><div class=\"vc_column-inner\"><div class=\"wpb_wrapper\">\n\t<div class=\"wpb_text_column wpb_content_element\" >\n\t\t<div class=\"wpb_wrapper\">\n\t\t\t<p><strong>Philippe GONIN<\/strong> - <strong><span style=\"color: #000000;\">Treasurer<\/span><\/strong> - <span style=\"color: #3366ff;\"><a style=\"color: #3366ff;\" href=\"mailto:philippe@airlife-asso.org\">philippe@airlife-asso.org<\/a><\/span><\/p>\n<p><span style=\"color: #000000;\">Philippe has always been passionate about access to drinking water. In addition to traditional solutions (boreholes, water towers, fountains, trucks), he is interested in new technologies such as atmospheric water generators, and in sourcing different water production and filtration solutions.<\/span><\/p>\n\n\t\t<\/div>\n\t<\/div>\n<\/div><\/div><\/div><\/div><\/div><\/div><\/div><\/div><\/div><\/div><\/div><div class=\"vc_wpb_row_inner  vc_custom_1663755530645\"><div class=\"vc_row wpb_row vc_row-fluid row-container\"><div class=\"container\"><div class=\"row\"><div class=\"wpb_column vc_column_container vc_col-sm-6\"><div class=\"vc_column-inner\"><div class=\"wpb_wrapper\"><div class=\"vc_row wpb_row vc_inner vc_row-fluid\"><div class=\"wpb_column vc_column_container vc_col-sm-3\"><div class=\"vc_column-inner\"><div class=\"wpb_wrapper\">\n\t<div  class=\"wpb_single_image wpb_content_element vc_align_left wpb_content_element\">\n\t\t\n\t\t<figure class=\"wpb_wrapper vc_figure\">\n\t\t\t<div class=\"vc_single_image-wrapper vc_box_circle  vc_box_border_grey\"><img decoding=\"async\" width=\"180\" height=\"180\" src=\"https:\/\/airlife-asso.org\/wp-content\/uploads\/2025\/12\/FredP-180x180.jpg\" class=\"vc_single_image-img attachment-thumbnail\" alt=\"\" title=\"FredP\" \/><\/div>\n\t\t<\/figure>\n\t<\/div>\n<\/div><\/div><\/div><div class=\"wpb_column vc_column_container vc_col-sm-9\"><div class=\"vc_column-inner\"><div class=\"wpb_wrapper\">\n\t<div class=\"wpb_text_column wpb_content_element\" >\n\t\t<div class=\"wpb_wrapper\">\n\t\t\t<p><b>Fr\u00e9d\u00e9ric PR\u00caTRE<\/b>&nbsp;-<strong><span style=\"color: #000000;\"> Volunteer<\/span><\/strong>&nbsp;- <span style=\"color: #3366ff;\"><a style=\"color: #3366ff;\" href=\"mailto:frederic@airlife-asso.org\">frederic@airlife-asso.org<\/a><\/span><\/p>\n<p><span style=\"color: #000000;\">Fr\u00e9d\u00e9ric has experience in humanitarian action, particularly in Senegal, where he was able to provide schoolchildren with much-needed computers. Fr\u00e9d\u00e9ric has joined AirLife and his dynamism is invaluable to us.<\/span><\/p>\n\n\t\t<\/div>\n\t<\/div>\n<\/div><\/div><\/div><\/div><\/div><\/div><\/div><div class=\"wpb_column vc_column_container vc_col-sm-6\"><div class=\"vc_column-inner\"><div class=\"wpb_wrapper\"><div class=\"vc_row wpb_row vc_inner vc_row-fluid\"><div class=\"wpb_column vc_column_container vc_col-sm-3\"><div class=\"vc_column-inner\"><div class=\"wpb_wrapper\">\n\t<div  class=\"wpb_single_image wpb_content_element vc_align_left wpb_content_element\">\n\t\t\n\t\t<figure class=\"wpb_wrapper vc_figure\">\n\t\t\t<div class=\"vc_single_image-wrapper   vc_box_border_grey\"><img decoding=\"async\" width=\"180\" height=\"180\" src=\"https:\/\/airlife-asso.org\/wp-content\/uploads\/2022\/09\/4-180x180.png\" class=\"vc_single_image-img attachment-thumbnail\" alt=\"\" title=\"4\" \/><\/div>\n\t\t<\/figure>\n\t<\/div>\n<\/div><\/div><\/div><div class=\"wpb_column vc_column_container vc_col-sm-9\"><div class=\"vc_column-inner\"><div class=\"wpb_wrapper\">\n\t<div class=\"wpb_text_column wpb_content_element\" >\n\t\t<div class=\"wpb_wrapper\">\n\t\t\t<p><strong>Virginie MASSE<\/strong> -<strong><span style=\"color: #000000;\"> Marketing\/Communications Manager<\/span><\/strong> - <span style=\"color: #3366ff;\"><a style=\"color: #3366ff;\" href=\"mailto:virginie@airlife-asso.org\">virginie@airlife-asso.org<\/a><\/span><\/p>\n<p><span style=\"color: #000000;\">Virginie wants to put web marketing and communications at the service of solidarity and well-being. Having followed the NGO Airlife since its inception, it was only natural for her to get involved when the opportunity arose. Since then, Virginie has supported the NGO by ensuring that its web distribution channels perform well.<\/span><\/p>\n\n\t\t<\/div>\n\t<\/div>\n<\/div><\/div><\/div><\/div><\/div><\/div><\/div><\/div><\/div><\/div><\/div><div class=\"vc_wpb_row_inner  vc_custom_1663770226663\"><div class=\"vc_row wpb_row vc_row-fluid row-container\"><div class=\"container\"><div class=\"row\"><div class=\"wpb_column vc_column_container vc_col-sm-6\"><div class=\"vc_column-inner\"><div class=\"wpb_wrapper\"><div class=\"vc_row wpb_row vc_inner vc_row-fluid\"><div class=\"wpb_column vc_column_container vc_col-sm-3\"><div class=\"vc_column-inner\"><div class=\"wpb_wrapper\">\n\t<div  class=\"wpb_single_image wpb_content_element vc_align_left wpb_content_element\">\n\t\t\n\t\t<figure class=\"wpb_wrapper vc_figure\">\n\t\t\t<div class=\"vc_single_image-wrapper   vc_box_border_grey\"><img decoding=\"async\" width=\"180\" height=\"180\" src=\"https:\/\/airlife-asso.org\/wp-content\/uploads\/2022\/09\/3-180x180.png\" class=\"vc_single_image-img attachment-thumbnail\" alt=\"\" title=\"3\" \/><\/div>\n\t\t<\/figure>\n\t<\/div>\n<\/div><\/div><\/div><div class=\"wpb_column vc_column_container vc_col-sm-9\"><div class=\"vc_column-inner\"><div class=\"wpb_wrapper\">\n\t<div class=\"wpb_text_column wpb_content_element\" >\n\t\t<div class=\"wpb_wrapper\">\n\t\t\t<p><strong>Patrick GRECO<\/strong> -<span style=\"color: #3366ff;\"> <a style=\"color: #3366ff;\" href=\"mailto:patrick@airlife-asso.org\">patrick@airlife-asso.org<\/a><\/span><\/p>\n<p><span style=\"color: #000000;\">Water is not necessary to life, it is life (Saint Exup\u00e9ry)...&nbsp;<\/span><br \/><span style=\"color: #000000;\">\"I was lucky enough to meet Airlife and Philippe at a time when I was looking for a project in line with my values and my desire to help others\".<\/span><\/p>\n\n\t\t<\/div>\n\t<\/div>\n<\/div><\/div><\/div><\/div><\/div><\/div><\/div><div class=\"wpb_column vc_column_container vc_col-sm-6\"><div class=\"vc_column-inner\"><div class=\"wpb_wrapper\"><div class=\"vc_row wpb_row vc_inner vc_row-fluid\"><div class=\"wpb_column vc_column_container vc_col-sm-3\"><div class=\"vc_column-inner\"><div class=\"wpb_wrapper\">\n\t<div  class=\"wpb_single_image wpb_content_element vc_align_left wpb_content_element\">\n\t\t\n\t\t<figure class=\"wpb_wrapper vc_figure\">\n\t\t\t<div class=\"vc_single_image-wrapper   vc_box_border_grey\"><img decoding=\"async\" width=\"180\" height=\"180\" src=\"https:\/\/airlife-asso.org\/wp-content\/uploads\/2025\/10\/AnneMarie-180x180.png\" class=\"vc_single_image-img attachment-thumbnail\" alt=\"\" title=\"AnneMarie\" \/><\/div>\n\t\t<\/figure>\n\t<\/div>\n<\/div><\/div><\/div><div class=\"wpb_column vc_column_container vc_col-sm-9\"><div class=\"vc_column-inner\"><div class=\"wpb_wrapper\">\n\t<div class=\"wpb_text_column wpb_content_element\" >\n\t\t<div class=\"wpb_wrapper\">\n\t\t\t<p><strong>Anne-Marie GHIANDONI<\/strong> - Volunteer <strong>- <\/strong><span style=\"color: #3366ff;\"><a style=\"color: #3366ff;\" href=\"mailto:annemarie@airlife-asso.org\">annemarie@airlife-asso.org<\/a><\/span><\/p>\n<p><span style=\"color: #000000;\">Anne-Marie comes from a medical-social background. Passionate about actions in the field, she is actively involved in advocacy to raise awareness of our actions.&nbsp;<\/span><\/p>\n\n\t\t<\/div>\n\t<\/div>\n<\/div><\/div><\/div><\/div><\/div><\/div><\/div><\/div><\/div><\/div><\/div><div class=\"vc_wpb_row_inner\"><div class=\"vc_row wpb_row vc_row-fluid row-container\"><div class=\"container\"><div class=\"row\"><div class=\"wpb_column vc_column_container vc_col-sm-6\"><div class=\"vc_column-inner\"><div class=\"wpb_wrapper\">\n\t<div  class=\"wpb_single_image wpb_content_element vc_align_left wpb_content_element\">\n\t\t\n\t\t<figure class=\"wpb_wrapper vc_figure\">\n\t\t\t<div class=\"vc_single_image-wrapper   vc_box_border_grey\"><img decoding=\"async\" width=\"900\" height=\"675\" src=\"https:\/\/airlife-asso.org\/wp-content\/uploads\/2022\/09\/P1000142-1024x768.jpg\" class=\"vc_single_image-img attachment-large\" alt=\"\" title=\"P1000142\" \/><\/div>\n\t\t<\/figure>\n\t<\/div>\n<\/div><\/div><\/div><div class=\"wpb_column vc_column_container vc_col-sm-6\"><div class=\"vc_column-inner\"><div class=\"wpb_wrapper\"><div class=\"vc_row wpb_row vc_inner vc_row-fluid\"><div class=\"wpb_column vc_column_container vc_col-sm-12\"><div class=\"vc_column-inner\"><div class=\"wpb_wrapper\"><section class=\"vc_cta3-container\"><div class=\"vc_general vc_do_cta3 vc_cta3 vc_cta3-style-classic vc_cta3-shape-rounded vc_cta3-align-left vc_cta3-color-classic vc_cta3-icon-size-md vc_cta3-actions-bottom\"><div class=\"vc_cta3_content-container\"><div class=\"vc_cta3-content\"><header class=\"vc_cta3-content-header\"><h2>The team is always on the lookout for new driving forces to improve the daily lives of as many people as possible.<\/h2><\/header><p><span style=\"color: #000000;\">So, if you too wish to act in favor of access to drinking water, contact us!<\/span><\/p>\n<\/div><div class=\"vc_cta3-actions\"><div class=\"vc_btn3-container vc_btn3-inline vc_do_btn\" ><a class=\"vc_general vc_btn3 vc_btn3-size-md vc_btn3-shape-square vc_btn3-style-modern vc_btn3-color-warning\" href=\"mailto:philippe@airlife-asso.org\" title=\"\" target=\"_blank\">Join the team<\/a><\/div><\/div><\/div><\/div><\/section><\/div><\/div><\/div><\/div><\/div><\/div><\/div><\/div><\/div><\/div><\/div><div class=\"vc_wpb_row_inner\"><div class=\"vc_row wpb_row vc_row-fluid row-container\"><div class=\"container\"><div class=\"row\"><div class=\"wpb_column vc_column_container vc_col-sm-12\"><div class=\"vc_column-inner\"><div class=\"wpb_wrapper\">\n\t<div class=\"wpb_text_column wpb_content_element\" >\n\t\t<div class=\"wpb_wrapper\">\n\t\t\t<p><!-- Google tag (gtag.js) --> <script async=\"\" src=\"https:\/\/www.googletagmanager.com\/gtag\/js?id=AW-11147637491\"><\/script> <script> window.dataLayer = window.dataLayer || []; function gtag(){dataLayer.push(arguments);} gtag('js', new Date()); gtag('config', 'AW-11147637491'); <\/script><\/p>\n\n\t\t<\/div>\n\t<\/div>\n<\/div><\/div><\/div><\/div><\/div><\/div><\/div><\/div>","protected":false},"excerpt":{"rendered":"Lionel PILLET - Pr\u00e9sident \u2013 lionel@airlife-asso.org Lionel est un touche \u00e0 tout qui s\u2019int\u00e9resse \u00e0 tous les sujets Il suit Airlife depuis ses d\u00e9buts et a souhait\u00e9 s\u2019engager davantage dans la vie de l\u2019association, en prenant le poste de pr\u00e9sident. Philippe GONIN \u2013 Tr\u00e9sorier \u2013 philippe@airlife-asso.org Philippe est passionn\u00e9 par l\u2019acc\u00e8s \u00e0 l\u2019eau potable depuis [...]","protected":false},"author":1,"featured_media":0,"parent":0,"menu_order":0,"comment_status":"closed","ping_status":"closed","template":"","meta":{"ngg_post_thumbnail":0,"footnotes":""},"class_list":["post-226","page","type-page","status-publish","hentry"],"_links":{"self":[{"href":"https:\/\/airlife-asso.org\/en\/wp-json\/wp\/v2\/pages\/226","targetHints":{"allow":["GET"]}}],"collection":[{"href":"https:\/\/airlife-asso.org\/en\/wp-json\/wp\/v2\/pages"}],"about":[{"href":"https:\/\/airlife-asso.org\/en\/wp-json\/wp\/v2\/types\/page"}],"author":[{"embeddable":true,"href":"https:\/\/airlife-asso.org\/en\/wp-json\/wp\/v2\/users\/1"}],"replies":[{"embeddable":true,"href":"https:\/\/airlife-asso.org\/en\/wp-json\/wp\/v2\/comments?post=226"}],"version-history":[{"count":38,"href":"https:\/\/airlife-asso.org\/en\/wp-json\/wp\/v2\/pages\/226\/revisions"}],"predecessor-version":[{"id":1082,"href":"https:\/\/airlife-asso.org\/en\/wp-json\/wp\/v2\/pages\/226\/revisions\/1082"}],"wp:attachment":[{"href":"https:\/\/airlife-asso.org\/en\/wp-json\/wp\/v2\/media?parent=226"}],"curies":[{"name":"wp","href":"https:\/\/api.w.org\/{rel}","templated":true}]}}